{"id":14,"date":"2021-04-21T21:17:51","date_gmt":"2021-04-21T19:17:51","guid":{"rendered":"http:\/\/b29neu.de\/?page_id=14"},"modified":"2023-03-06T12:23:47","modified_gmt":"2023-03-06T10:23:47","slug":"kontakt","status":"publish","type":"page","link":"https:\/\/b29neu.de\/kontakt","title":{"rendered":"Kontakt"},"content":{"rendered":"\t\t<div data-elementor-type=\"wp-page\" data-elementor-id=\"14\" class=\"elementor elementor-14\" data-elementor-post-type=\"page\">\n\t\t\t\t\t\t<section class=\"elementor-section elementor-top-section elementor-element elementor-element-42eed0b elementor-section-boxed elementor-section-height-default elementor-section-height-default\" data-id=\"42eed0b\" data-element_type=\"section\" data-e-type=\"section\">\n\t\t\t\t\t\t<div class=\"elementor-container elementor-column-gap-default\">\n\t\t\t\t\t<div class=\"elementor-column elementor-col-100 elementor-top-column elementor-element elementor-element-0e7aa86\" data-id=\"0e7aa86\" data-element_type=\"column\" data-e-type=\"column\" data-settings=\"{&quot;background_background&quot;:&quot;classic&quot;}\">\n\t\t\t<div class=\"elementor-widget-wrap elementor-element-populated\">\n\t\t\t\t\t\t<div class=\"elementor-element elementor-element-d2bf433 elementor-widget elementor-widget-heading\" data-id=\"d2bf433\" data-element_type=\"widget\" data-e-type=\"widget\" data-widget_type=\"heading.default\">\n\t\t\t\t<div class=\"elementor-widget-container\">\n\t\t\t\t\t<h1 class=\"elementor-heading-title elementor-size-default\">Kontakt<\/h1>\t\t\t\t<\/div>\n\t\t\t\t<\/div>\n\t\t\t\t<div class=\"elementor-element elementor-element-d566141 elementor-widget elementor-widget-heading\" data-id=\"d566141\" data-element_type=\"widget\" data-e-type=\"widget\" data-widget_type=\"heading.default\">\n\t\t\t\t<div class=\"elementor-widget-container\">\n\t\t\t\t\t<h3 class=\"elementor-heading-title elementor-size-default\">Haben Sie noch Fragen oder Anregungen? Dann schreiben Sie uns.\u200b<\/h3>\t\t\t\t<\/div>\n\t\t\t\t<\/div>\n\t\t\t\t\t<\/div>\n\t\t<\/div>\n\t\t\t\t\t<\/div>\n\t\t<\/section>\n\t\t<div class=\"elementor-element elementor-element-373f222 e-flex e-con-boxed e-con e-parent\" data-id=\"373f222\" data-element_type=\"container\" data-e-type=\"container\">\n\t\t\t\t\t<div class=\"e-con-inner\">\n\t\t<div class=\"elementor-element elementor-element-ef87c3f e-con-full e-flex e-con e-child\" data-id=\"ef87c3f\" data-element_type=\"container\" data-e-type=\"container\">\n\t\t\t\t<div class=\"elementor-element elementor-element-fe1e730 elementor-widget elementor-widget-heading\" data-id=\"fe1e730\" data-element_type=\"widget\" data-e-type=\"widget\" data-widget_type=\"heading.default\">\n\t\t\t\t<div class=\"elementor-widget-container\">\n\t\t\t\t\t<h2 class=\"elementor-heading-title elementor-size-default\">Ansprechpartner    <\/h2>\t\t\t\t<\/div>\n\t\t\t\t<\/div>\n\t\t\t\t<\/div>\n\t\t<div class=\"elementor-element elementor-element-5a98dd0 e-con-full e-flex e-con e-child\" data-id=\"5a98dd0\" data-element_type=\"container\" data-e-type=\"container\">\n\t\t\t\t<div class=\"elementor-element elementor-element-7c6faa1 elementor-widget elementor-widget-heading\" data-id=\"7c6faa1\" data-element_type=\"widget\" data-e-type=\"widget\" data-widget_type=\"heading.default\">\n\t\t\t\t<div class=\"elementor-widget-container\">\n\t\t\t\t\t<h2 class=\"elementor-heading-title elementor-size-default\">Planungsteam B29neu<\/h2>\t\t\t\t<\/div>\n\t\t\t\t<\/div>\n\t\t\t\t<div class=\"elementor-element elementor-element-045a48b elementor-widget elementor-widget-text-editor\" data-id=\"045a48b\" data-element_type=\"widget\" data-e-type=\"widget\" data-widget_type=\"text-editor.default\">\n\t\t\t\t<div class=\"elementor-widget-container\">\n\t\t\t\t\t\t\t\t\t<p>Landratsamt Ostalbkreis<br \/>Gesch\u00e4ftsbereich Verkehrsinfrastruktur<br \/>Planungsteam B29n<br \/>Obere Str.13<br \/>73479 Ellwangen<\/p><p>Telefon: 07961 567-3221<\/p><p>Das gesamte Planungsteam erreichen Sie \u00fcber:<br \/><a href=\"mailto:b29n@ostalbkreis.de\">b29n@ostalbkreis.de<\/a><\/p><p><a href=\"http:\/\/www.ostalbkreis.de\">www.ostalbkreis.de<\/a><\/p><p>\u00a0<\/p>\t\t\t\t\t\t\t\t<\/div>\n\t\t\t\t<\/div>\n\t\t\t\t<div class=\"elementor-element elementor-element-f63459f elementor-widget elementor-widget-spacer\" data-id=\"f63459f\" data-element_type=\"widget\" data-e-type=\"widget\" data-widget_type=\"spacer.default\">\n\t\t\t\t<div class=\"elementor-widget-container\">\n\t\t\t\t\t\t\t<div class=\"elementor-spacer\">\n\t\t\t<div class=\"elementor-spacer-inner\"><\/div>\n\t\t<\/div>\n\t\t\t\t\t\t<\/div>\n\t\t\t\t<\/div>\n\t\t\t\t<\/div>\n\t\t\t\t\t<\/div>\n\t\t\t\t<\/div>\n\t\t<div class=\"elementor-element elementor-element-7f21e77 e-flex e-con-boxed e-con e-parent\" data-id=\"7f21e77\" data-element_type=\"container\" data-e-type=\"container\">\n\t\t\t\t\t<div class=\"e-con-inner\">\n\t\t<div class=\"elementor-element elementor-element-5fc5087 e-con-full e-flex e-con e-child\" data-id=\"5fc5087\" data-element_type=\"container\" data-e-type=\"container\">\n\t\t\t\t<div class=\"elementor-element elementor-element-65eae0f elementor-widget elementor-widget-heading\" data-id=\"65eae0f\" data-element_type=\"widget\" data-e-type=\"widget\" data-widget_type=\"heading.default\">\n\t\t\t\t<div class=\"elementor-widget-container\">\n\t\t\t\t\t<h2 class=\"elementor-heading-title elementor-size-default\">Ansprechpartner f\u00fcr die Medien<\/h2>\t\t\t\t<\/div>\n\t\t\t\t<\/div>\n\t\t\t\t<\/div>\n\t\t<div class=\"elementor-element elementor-element-40cfaac e-con-full e-flex e-con e-child\" data-id=\"40cfaac\" data-element_type=\"container\" data-e-type=\"container\">\n\t\t\t\t<div class=\"elementor-element elementor-element-3d06709 elementor-widget elementor-widget-text-editor\" data-id=\"3d06709\" data-element_type=\"widget\" data-e-type=\"widget\" data-widget_type=\"text-editor.default\">\n\t\t\t\t<div class=\"elementor-widget-container\">\n\t\t\t\t\t\t\t\t\t<p>Landratsamt Ostalbkreis<\/p><p>Pressestelle<\/p><p>Stuttgarter Stra\u00dfe 41<br \/>73430 Aalen<\/p><p>Telefon: <a href=\"tel:07361 503-1312\">07361 503-1211 oder 1312<\/a><\/p><p><a href=\"mailto:pressestelle@ostalbkreis.de\">pressestelle@ostalbkreis.de<\/a><\/p>\t\t\t\t\t\t\t\t<\/div>\n\t\t\t\t<\/div>\n\t\t\t\t<\/div>\n\t\t\t\t\t<\/div>\n\t\t\t\t<\/div>\n\t\t\t\t<\/div>\n\t\t","protected":false},"excerpt":{"rendered":"<p>Kontakt Haben Sie noch Fragen oder Anregungen? Dann schreiben Sie uns.\u200b Ansprechpartner Planungsteam B29neu Landratsamt OstalbkreisGesch\u00e4ftsbereich VerkehrsinfrastrukturPlanungsteam B29nObere Str.1373479 Ellwangen Telefon: 07961 567-3221 Das gesamte Planungsteam erreichen Sie \u00fcber:b29n@ostalbkreis.de www.ostalbkreis.de \u00a0 Ansprechpartner f\u00fcr die Medien Landratsamt Ostalbkreis Pressestelle Stuttgarter Stra\u00dfe 4173430 Aalen Telefon: 07361 503-1211 oder 1312 pressestelle@ostalbkreis.de<\/p>\n","protected":false},"author":1,"featured_media":0,"parent":28,"menu_order":0,"comment_status":"closed","ping_status":"closed","template":"elementor_header_footer","meta":{"_acf_changed":false,"footnotes":""},"class_list":["post-14","page","type-page","status-publish","hentry"],"acf":[],"yoast_head":"<!-- This site is optimized with the Yoast SEO plugin v27.1.1 - https:\/\/yoast.com\/product\/yoast-seo-wordpress\/ -->\n<title>Kontakt - B29 NEU<\/title>\n<meta name=\"robots\" content=\"index, follow, max-snippet:-1, max-image-preview:large, max-video-preview:-1\" \/>\n<link rel=\"canonical\" href=\"https:\/\/b29neu.de\/kontakt\" \/>\n<meta property=\"og:locale\" content=\"de_DE\" \/>\n<meta property=\"og:type\" content=\"article\" \/>\n<meta property=\"og:title\" content=\"Kontakt - B29 NEU\" \/>\n<meta property=\"og:description\" content=\"Kontakt Haben Sie noch Fragen oder Anregungen? Dann schreiben Sie uns.\u200b Ansprechpartner Planungsteam B29neu Landratsamt OstalbkreisGesch\u00e4ftsbereich VerkehrsinfrastrukturPlanungsteam B29nObere Str.1373479 Ellwangen Telefon: 07961 567-3221 Das gesamte Planungsteam erreichen Sie \u00fcber:b29n@ostalbkreis.de www.ostalbkreis.de \u00a0 Ansprechpartner f\u00fcr die Medien Landratsamt Ostalbkreis Pressestelle Stuttgarter Stra\u00dfe 4173430 Aalen Telefon: 07361 503-1211 oder 1312 pressestelle@ostalbkreis.de\" \/>\n<meta property=\"og:url\" content=\"https:\/\/b29neu.de\/kontakt\" \/>\n<meta property=\"og:site_name\" content=\"B29 NEU\" \/>\n<meta property=\"article:modified_time\" content=\"2023-03-06T10:23:47+00:00\" \/>\n<meta name=\"twitter:card\" content=\"summary_large_image\" \/>\n<meta name=\"twitter:label1\" content=\"Gesch\u00e4tzte Lesezeit\" \/>\n\t<meta name=\"twitter:data1\" content=\"1\u00a0Minute\" \/>\n<script type=\"application\/ld+json\" class=\"yoast-schema-graph\">{\"@context\":\"https:\/\/schema.org\",\"@graph\":[{\"@type\":\"WebPage\",\"@id\":\"https:\/\/b29neu.de\/kontakt\",\"url\":\"https:\/\/b29neu.de\/kontakt\",\"name\":\"Kontakt - B29 NEU\",\"isPartOf\":{\"@id\":\"http:\/\/b29neu.de\/#website\"},\"datePublished\":\"2021-04-21T19:17:51+00:00\",\"dateModified\":\"2023-03-06T10:23:47+00:00\",\"breadcrumb\":{\"@id\":\"https:\/\/b29neu.de\/kontakt#breadcrumb\"},\"inLanguage\":\"de\",\"potentialAction\":[{\"@type\":\"ReadAction\",\"target\":[\"https:\/\/b29neu.de\/kontakt\"]}]},{\"@type\":\"BreadcrumbList\",\"@id\":\"https:\/\/b29neu.de\/kontakt#breadcrumb\",\"itemListElement\":[{\"@type\":\"ListItem\",\"position\":1,\"name\":\"Startseite\",\"item\":\"https:\/\/b29neu.de\/\"},{\"@type\":\"ListItem\",\"position\":2,\"name\":\"Home\",\"item\":\"https:\/\/b29neu.de\/\"},{\"@type\":\"ListItem\",\"position\":3,\"name\":\"Kontakt\"}]},{\"@type\":\"WebSite\",\"@id\":\"http:\/\/b29neu.de\/#website\",\"url\":\"http:\/\/b29neu.de\/\",\"name\":\"B29neu Linienbestimmung R\u00f6ttingen \u2013 N\u00f6rdlingen\",\"description\":\"B29n zwischen R\u00f6ttingen und N\u00f6rdlingen\",\"publisher\":{\"@id\":\"http:\/\/b29neu.de\/#organization\"},\"potentialAction\":[{\"@type\":\"SearchAction\",\"target\":{\"@type\":\"EntryPoint\",\"urlTemplate\":\"http:\/\/b29neu.de\/?s={search_term_string}\"},\"query-input\":{\"@type\":\"PropertyValueSpecification\",\"valueRequired\":true,\"valueName\":\"search_term_string\"}}],\"inLanguage\":\"de\"},{\"@type\":\"Organization\",\"@id\":\"http:\/\/b29neu.de\/#organization\",\"name\":\"B29neu Linienbestimmung R\u00f6ttingen \u2013 N\u00f6rdlingen\",\"url\":\"http:\/\/b29neu.de\/\",\"logo\":{\"@type\":\"ImageObject\",\"inLanguage\":\"de\",\"@id\":\"http:\/\/b29neu.de\/#\/schema\/logo\/image\/\",\"url\":\"https:\/\/b29neu.de\/wp-content\/uploads\/2021\/04\/OAK-Logo.svg\",\"contentUrl\":\"https:\/\/b29neu.de\/wp-content\/uploads\/2021\/04\/OAK-Logo.svg\",\"width\":1,\"height\":1,\"caption\":\"B29neu Linienbestimmung R\u00f6ttingen \u2013 N\u00f6rdlingen\"},\"image\":{\"@id\":\"http:\/\/b29neu.de\/#\/schema\/logo\/image\/\"}}]}<\/script>\n<!-- \/ Yoast SEO plugin. -->","yoast_head_json":{"title":"Kontakt - B29 NEU","robots":{"index":"index","follow":"follow","max-snippet":"max-snippet:-1","max-image-preview":"max-image-preview:large","max-video-preview":"max-video-preview:-1"},"canonical":"https:\/\/b29neu.de\/kontakt","og_locale":"de_DE","og_type":"article","og_title":"Kontakt - B29 NEU","og_description":"Kontakt Haben Sie noch Fragen oder Anregungen? Dann schreiben Sie uns.\u200b Ansprechpartner Planungsteam B29neu Landratsamt OstalbkreisGesch\u00e4ftsbereich VerkehrsinfrastrukturPlanungsteam B29nObere Str.1373479 Ellwangen Telefon: 07961 567-3221 Das gesamte Planungsteam erreichen Sie \u00fcber:b29n@ostalbkreis.de www.ostalbkreis.de \u00a0 Ansprechpartner f\u00fcr die Medien Landratsamt Ostalbkreis Pressestelle Stuttgarter Stra\u00dfe 4173430 Aalen Telefon: 07361 503-1211 oder 1312 pressestelle@ostalbkreis.de","og_url":"https:\/\/b29neu.de\/kontakt","og_site_name":"B29 NEU","article_modified_time":"2023-03-06T10:23:47+00:00","twitter_card":"summary_large_image","twitter_misc":{"Gesch\u00e4tzte Lesezeit":"1\u00a0Minute"},"schema":{"@context":"https:\/\/schema.org","@graph":[{"@type":"WebPage","@id":"https:\/\/b29neu.de\/kontakt","url":"https:\/\/b29neu.de\/kontakt","name":"Kontakt - B29 NEU","isPartOf":{"@id":"http:\/\/b29neu.de\/#website"},"datePublished":"2021-04-21T19:17:51+00:00","dateModified":"2023-03-06T10:23:47+00:00","breadcrumb":{"@id":"https:\/\/b29neu.de\/kontakt#breadcrumb"},"inLanguage":"de","potentialAction":[{"@type":"ReadAction","target":["https:\/\/b29neu.de\/kontakt"]}]},{"@type":"BreadcrumbList","@id":"https:\/\/b29neu.de\/kontakt#breadcrumb","itemListElement":[{"@type":"ListItem","position":1,"name":"Startseite","item":"https:\/\/b29neu.de\/"},{"@type":"ListItem","position":2,"name":"Home","item":"https:\/\/b29neu.de\/"},{"@type":"ListItem","position":3,"name":"Kontakt"}]},{"@type":"WebSite","@id":"http:\/\/b29neu.de\/#website","url":"http:\/\/b29neu.de\/","name":"B29neu Linienbestimmung R\u00f6ttingen \u2013 N\u00f6rdlingen","description":"B29n zwischen R\u00f6ttingen und N\u00f6rdlingen","publisher":{"@id":"http:\/\/b29neu.de\/#organization"},"potentialAction":[{"@type":"SearchAction","target":{"@type":"EntryPoint","urlTemplate":"http:\/\/b29neu.de\/?s={search_term_string}"},"query-input":{"@type":"PropertyValueSpecification","valueRequired":true,"valueName":"search_term_string"}}],"inLanguage":"de"},{"@type":"Organization","@id":"http:\/\/b29neu.de\/#organization","name":"B29neu Linienbestimmung R\u00f6ttingen \u2013 N\u00f6rdlingen","url":"http:\/\/b29neu.de\/","logo":{"@type":"ImageObject","inLanguage":"de","@id":"http:\/\/b29neu.de\/#\/schema\/logo\/image\/","url":"https:\/\/b29neu.de\/wp-content\/uploads\/2021\/04\/OAK-Logo.svg","contentUrl":"https:\/\/b29neu.de\/wp-content\/uploads\/2021\/04\/OAK-Logo.svg","width":1,"height":1,"caption":"B29neu Linienbestimmung R\u00f6ttingen \u2013 N\u00f6rdlingen"},"image":{"@id":"http:\/\/b29neu.de\/#\/schema\/logo\/image\/"}}]}},"_links":{"self":[{"href":"https:\/\/b29neu.de\/index.php?rest_route=\/wp\/v2\/pages\/14","targetHints":{"allow":["GET"]}}],"collection":[{"href":"https:\/\/b29neu.de\/index.php?rest_route=\/wp\/v2\/pages"}],"about":[{"href":"https:\/\/b29neu.de\/index.php?rest_route=\/wp\/v2\/types\/page"}],"author":[{"embeddable":true,"href":"https:\/\/b29neu.de\/index.php?rest_route=\/wp\/v2\/users\/1"}],"replies":[{"embeddable":true,"href":"https:\/\/b29neu.de\/index.php?rest_route=%2Fwp%2Fv2%2Fcomments&post=14"}],"version-history":[{"count":179,"href":"https:\/\/b29neu.de\/index.php?rest_route=\/wp\/v2\/pages\/14\/revisions"}],"predecessor-version":[{"id":3550,"href":"https:\/\/b29neu.de\/index.php?rest_route=\/wp\/v2\/pages\/14\/revisions\/3550"}],"up":[{"embeddable":true,"href":"https:\/\/b29neu.de\/index.php?rest_route=\/wp\/v2\/pages\/28"}],"wp:attachment":[{"href":"https:\/\/b29neu.de\/index.php?rest_route=%2Fwp%2Fv2%2Fmedia&parent=14"}],"curies":[{"name":"wp","href":"https:\/\/api.w.org\/{rel}","templated":true}]}}